{"id":788,"date":"2025-07-11T20:00:16","date_gmt":"2025-07-11T20:00:16","guid":{"rendered":"https:\/\/nezsaiotemplom.hu\/?page_id=788"},"modified":"2025-08-13T18:24:05","modified_gmt":"2025-08-13T18:24:05","slug":"marosszentanna-comuna-santana-de-mures-ro","status":"publish","type":"page","link":"https:\/\/nezsaiotemplom.hu\/index.php\/marosszentanna-comuna-santana-de-mures-ro\/","title":{"rendered":"Marosszentanna (RO) \u2013 ro S\u00e2ntana de Mure\u0219, de Sankt Anna an der Mieresch, lt Sancta Anna \u2013 Maros megye"},"content":{"rendered":"\n<p><strong>Elhelyezked\u00e9se:<\/strong><\/p>\n\n\n\n<p>C\u00edm: Strada Bisericii 113, S\u00e2ntana de Mure\u0219 547565, Rom\u00e1nia (https:\/\/maps.app.goo.gl\/Bi6d8QqEmFq9mRrAA)<\/p>\n\n\n\n<p>N\u00e9zs\u00e1t\u00f3l m\u00e9rt t\u00e1vols\u00e1ga: 568 km<\/p>\n\n\n\n<p><strong>El\u00e9rhet\u0151s\u00e9g (2025):<\/strong><\/p>\n\n\n\n<p>weboldal: <a href=\"https:\/\/marosszentanna.ro\/\">https:\/\/marosszentanna.ro\/<\/a><\/p>\n\n\n\n<p>Lelkip\u00e1sztor: K\u00f6t\u0151 Ferencz Barna &#8211; +40743776996<\/p>\n\n\n\n<p>Gondnok: Faluv\u00e9gi S\u00e1ndor &#8211; +40745437587<\/p>\n\n\n\n<figure class=\"wp-block-image size-large\"><img loading=\"lazy\" decoding=\"async\" width=\"1024\" height=\"511\" src=\"https:\/\/nezsaiotemplom.hu\/wp-content\/uploads\/2025\/08\/nezsa_marosszentanna_google-1024x511.jpg\" alt=\"\" class=\"wp-image-832\" srcset=\"https:\/\/nezsaiotemplom.hu\/wp-content\/uploads\/2025\/08\/nezsa_marosszentanna_google-1024x511.jpg 1024w, https:\/\/nezsaiotemplom.hu\/wp-content\/uploads\/2025\/08\/nezsa_marosszentanna_google-300x150.jpg 300w, https:\/\/nezsaiotemplom.hu\/wp-content\/uploads\/2025\/08\/nezsa_marosszentanna_google-768x383.jpg 768w, https:\/\/nezsaiotemplom.hu\/wp-content\/uploads\/2025\/08\/nezsa_marosszentanna_google.jpg 1200w\" sizes=\"auto, (max-width: 1024px) 100vw, 1024px\" \/><\/figure>\n\n\n\n<p><strong>Inform\u00e1ci\u00f3k:<\/strong><\/p>\n\n\n\n<p><em>(Figyelem! Ahol lehet, ott a helyben fellelt templomle\u00edr\u00e1s sz\u00f6veg\u00e9t k\u00f6zl\u00f6m, mert ez a legautentikusabb, a k\u00f6z\u00f6ss\u00e9g \u00e1ltal j\u00f3v\u00e1hagyott inform\u00e1ci\u00f3. Ugyanakkor a szerz\u0151i jogokat tiszteletben tartva, amennyiben az eml\u00edtett t\u00f6rt\u00e9nelmi eml\u00e9k gondnokai jelzik, \u00fagy a bejegyz\u00e9sb\u0151l elt\u00e1vol\u00edtom az ut\u00e1nk\u00f6zl\u00e9st. Hangs\u00falyozom, sz\u00e1nd\u00e9kom a helyi le\u00edr\u00e1s k\u00f6zl\u00e9s\u00e9vel annak el\u0151seg\u00edt\u00e9se, hogy a t\u00f6rt\u00e9nelmi eml\u00e9khelyet t\u00f6bben felkeress\u00e9k. Esetleges sz\u00f6veghivatkoz\u00e1sban emiatt k\u00e9rem, hogy ne az adott bejegyz\u00e9sre hivatkozzanak, mert a szerz\u0151s\u00e9g joga mindenkor az adott telep\u00fcl\u00e9st illeti meg.)<\/em><\/p>\n\n\n\n<p class=\"has-text-align-center\"><strong>A most k\u00f6z\u00f6lt sz\u00f6veg a Marosszentannai Szent Anna templom \u2013 Reform\u00e1tus templom helyi, gazdagon illusztr\u00e1lt kiadv\u00e1ny\u00e1ban is fellelhet\u0151. A helysz\u00ednen a kiadv\u00e1ny megv\u00e1s\u00e1rolhat\u00f3!<\/strong><\/p>\n\n\n\n<p>Marosszentanna els\u0151 okleveles eml\u00edt\u00e9se 1332-ben t\u00f6rt\u00e9nik. A reform\u00e1tus templom a XIII.sz\u00e1zad m\u00e1sodik fel\u00e9ben \u00e9p\u00fclt rom\u00e1n st\u00edlusban. Ebb\u0151l a korb\u00f3l val\u00f3 f\u00e9lk\u00f6r\u00edves szent\u00e9lye, diadal\u00edve, a szent\u00e9ly boltozata, a szents\u00e9gtart\u00f3 f\u00fclke.<\/p>\n\n\n\n<p>\u00dagy a haj\u00f3 mint a szent\u00e9ly ablakait a XVIII-XIX. sz\u00e1zadban \u00e1talak\u00edtott\u00e1k, vagy befalazt\u00e1k. A XIX sz\u00e1zad elej\u00e9n a templom nyugati fal\u00e1hoz fa-harangtornyot \u00e9p\u00edtenek, melyet a XX sz\u00e1zad 30-as \u00e9veiben lebontanak \u00e9s t\u00e9glatoronnyal helyettes\u00edtenek. Ekkor pusztul el a nyugati haj\u00f3fal falfestm\u00e9nyeinek javar\u00e9sze \u00e9s a nyugati kapuzat. A szent\u00e9lyben \u00e9s a diadal\u00edven l\u00e1that\u00f3 falfestm\u00e9nyek a XIV sz\u00e1zadb\u00f3l sz\u00e1rmaznak, feltehet\u0151en \u00e9szakolasz tanults\u00e1g\u00fa mester m\u0171vei.<\/p>\n\n\n\n<p>A falk\u00e9pekre Nemes \u00d6d\u00f6n marosv\u00e1s\u00e1rhelyi rajztan\u00e1r h\u00edvja fel a figyelmet egy, a M\u0171eml\u00e9kek Orsz\u00e1gos Bizotts\u00e1g\u00e1nak -nak irt 1895-\u00f6s keltez\u00e9s\u0171 jelent\u00e9s\u00e9ben. Az \u00e1ltala felt\u00e1rt nyugati fal(utols\u00f3 \u00edt\u00e9let) legnagyobb r\u00e9sze elpusztult 1911-12-ben a MOB a falk\u00e9pek felt\u00e1r\u00e1s\u00e1t ill restaur\u00e1l\u00e1s\u00e1t kezdem\u00e9nyezte.<\/p>\n\n\n\n<p>Ma a k\u00f6vetkez\u0151 falk\u00e9pt\u00f6red\u00e9kek l\u00e1that\u00f3k a templombels\u0151ben:<\/p>\n\n\n\n<p>A szent\u00e9lyz\u00e1r\u00f3d\u00e1sban : Szent Anna jelenete \u00e9s Szent P\u00e9ter apostol alakja<\/p>\n\n\n\n<ul class=\"wp-block-list\">\n<li>A szent\u00e9ly d\u00e9li oldal\u00e1n: Szent P\u00e1l Apostol \u00e9s egy beazonos\u00edtatlan apostol alakja -A diadal\u00edv b\u00e9llet\u00e9n: \u00f3sz\u00f6vets\u00e9gi pr\u00f3f\u00e9t\u00e1k medallionjai (D\u00e1vid, Ill\u00e9s stb)<\/li>\n\n\n\n<li>A diadal\u00edv d\u00e9li, szent\u00e9ly fel\u0151li oldal\u00e1n: Anjou Szent Lajos alakja, fennebb az okos \u00e9s balga sz\u00fczek l\u00e1mp\u00e1st tart\u00f3 mellk\u00e9pei.<\/li>\n\n\n\n<li>A haj\u00f3 nyugati fal\u00e1n, a fels\u0151 regiszterben h\u00e1rom apostol \u00fcl\u0151 alakja az utols\u00f3 \u00edt\u00e9letb\u0151l, az als\u00f3 regiszterben a Leviat\u00e1n \u00e9s az elk\u00e1rhozottak sereg\u00e9nek t\u00f6red\u00e9kes jelenete l\u00e1that\u00f3. <\/li>\n\n\n\n<li>A d\u00e9li haj\u00f3fal k\u00fcls\u0151 oldal\u00e1n h\u00e1rom koron\u00e1s szent \u00e1ll\u00f3 alakja l\u00e1that\u00f3 t\u00f6red\u00e9kes \u00e1llapotban.<\/li>\n<\/ul>\n\n\n\n<p>Restaur\u00e1l\u00e1s:<\/p>\n\n\n\n<p>A falfestm\u00e9nyek helyre\u00e1ll\u00edt\u00e1s\u00e1ban a f\u0151 szempont minden falk\u00e9pt\u00f6red\u00e9k bemutat\u00e1sa volt, illetve az hogy a templom bels\u0151 ter\u00e9t egys\u00e9ges eg\u00e9szk\u00e9nt kezelj\u00fck. Ennek \u00e9rdek\u00e9ben elt\u00e1vol\u00edtottuk az \u00f6sszes k\u00e9s\u0151bbi vakolatkieg\u00e9sz\u00edt\u00e9st \u00e9s egy, az eredeti vakolathoz sz\u00ednben \u00e9s text\u00far\u00e1ban k\u00f6zel\u00e1ll\u00f3 vakolatot hordtunk fel. A festett fel\u00fcleteken bel\u00fcli kisebb hi\u00e1nyokat retus\u00e1ltuk. A falk\u00e9pek restaur\u00e1l\u00e1s\u00e1ra 2000 \u00e9s 2005 k\u00f6z\u00f6tt ker\u00fclt sor.<\/p>\n\n\n\n<p>A XVI. sz\u00e1zad k\u00f6zep\u00e9n a templom \u00e9s a gy\u00fclekezet reform\u00e1tuss\u00e1 lesz. A falk\u00e9peket a reform\u00e1ci\u00f3 ut\u00e1n lemeszelik, a templom \u00faj berendez\u00e9st kap.<\/p>\n\n\n\n<p>Adatok a templom faberendez\u00e9s\u00e9nek t\u00f6rt\u00e9net\u00e9hez<\/p>\n\n\n\n<p>A gazdag plasztik\u00e1val, d\u00edszes fest\u00e9ssel kialak\u00edtott sz\u00f3sz\u00e9kkorona 1773-ban k\u00e9sz\u00fclt. A f\u0151p\u00e1rk\u00e1ny\u00e1n k\u00f6rbe a k\u00f6vetkez\u0151 felirat olvashat\u00f3: \u201eA MAROS SZ.ANNAI REf: SzEKLSA K\u00d6LCS\u00c9G\u00c9VEL CSIN\u00c1LTATOT ISTEN DICS\u0150\u00c9G\u00c9RE 1773 MATH 24 V 42: VIGY\u00c1ZZATOK AZ\u00c9RT MERT NEM TUDI\u00c1TOK MELY OR\u00c1BAN J\u00d6 ELA TI URATOK&#8221;<\/p>\n\n\n\n<p>Ismereteink szerint egyed\u00fcl\u00e1ll\u00f3 az erd\u00e9lyi eml\u00e9kanyagban az a t\u00e1maszt\u00f3 szerkezet, melyet a diadal\u00edv fels\u0151 fel\u00e9be illesztettek. A t\u00f6lgyfa gerend\u00e1kb\u00f3l csapol\u00e1ssal k\u00e9sz\u00fclt merev\u00edt\u0151 szerkezetet f\u0171r\u00e9szelt sz\u00e9l\u0171 indad\u00edsszel, \u00e9vsz\u00e1mmal \u00e9s keretel\u00e9ssel festett feny\u0151deszk\u00e1kkal bor\u00edtott\u00e1k be mindk\u00e9t oldalr\u00f3l.<\/p>\n\n\n\n<p>A XVIII. sz\u00e1zad m\u00e1sodik fel\u00e9ben, feltehet\u0151en a t\u00f6bbi faberendez\u00e9si t\u00e1rggyal egy id\u0151ben k\u00e9sz\u00fclt a festett kazett\u00e1smennyezet. A hajdani, m\u0171v\u00e9szi kvalit\u00e1s\u00e1ban szer\u00e9nyebb mennyezet alkot\u00f3 deszk\u00e1it \u00e9s oszt\u00f3l\u00e9ceit m\u00e1sodlagosan f\u00f6lhaszn\u00e1lt\u00e1k a k\u00f6t\u0151gerend\u00e1k fels\u0151 padol\u00e1s\u00e1n\u00e1l. Ezen t\u00f6red\u00e9kek alapj\u00e1n felt\u00e9telezhetj\u00fck, hogy a kazett\u00e1s mennyezetet k\u00e9t t\u00edpus\u00fa ornamentika d\u00edsz\u00edtette, melyek a kor szok\u00e1s\u00e1hoz h\u00edven \u00e1tl\u00f3san, vagy soronk\u00e9nt v\u00e1ltakoztak. A alapsz\u00edn\u0171 kazett\u00e1kon nagyobb, t\u00f6bbnyire v\u00f6r\u00f6s t\u00f3nus\u00fa, indad\u00edszes vir\u00e1gkompoz\u00edci\u00f3k tal\u00e1lhat\u00f3k.<\/p>\n\n\n\n<p>A templom torny\u00e1t 1930-ban \u00e9p\u00edtette Benk\u0151 K\u00e1roly \u00e9p\u00edt\u0151mester, saj\u00e1t k\u00f6lts\u00e9g\u00e9n, egy kor\u00e1bbi fatorony hely\u00e9re.<\/p>\n\n\n\n<p>A templom nagyharangja 1497-ben k\u00e9sz\u00fclt. Felirata: O rex: glo(r)ie: veni:cum: pace ih(e)s(us) n(azarenus): r(ex): i(udaeorum): i: 1:4:9:7<\/p>\n\n\n\n<p>\u201e\u00d3 Dics\u0151s\u00e9ges Kir\u00e1ly, ki j\u00f6tt\u00e9l b\u00e9kess\u00e9ggel: a n\u00e1z\u00e1reti J\u00e9zus, a zsid\u00f3k kir\u00e1lya\u201d \u2013 1497<\/p>\n\n\n<div class=\"wp-block-image\">\n<figure class=\"aligncenter size-large\"><img loading=\"lazy\" decoding=\"async\" width=\"768\" height=\"1024\" src=\"https:\/\/nezsaiotemplom.hu\/wp-content\/uploads\/2025\/08\/marosszentanna-4-768x1024.jpg\" alt=\"\" class=\"wp-image-841\" srcset=\"https:\/\/nezsaiotemplom.hu\/wp-content\/uploads\/2025\/08\/marosszentanna-4-768x1024.jpg 768w, https:\/\/nezsaiotemplom.hu\/wp-content\/uploads\/2025\/08\/marosszentanna-4-225x300.jpg 225w, https:\/\/nezsaiotemplom.hu\/wp-content\/uploads\/2025\/08\/marosszentanna-4-1152x1536.jpg 1152w, https:\/\/nezsaiotemplom.hu\/wp-content\/uploads\/2025\/08\/marosszentanna-4.jpg 1200w\" sizes=\"auto, (max-width: 768px) 100vw, 768px\" \/><figcaption class=\"wp-element-caption\">Egy kedves sz\u0171z sz\u00e9p \u00e1br\u00e1zol\u00e1sa<\/figcaption><\/figure>\n<\/div>\n\n\n<p><strong>Besz\u00e1mol\u00f3:<\/strong><\/p>\n\n\n\n<p>Marosszentanna val\u00f3j\u00e1ban Marosv\u00e1s\u00e1rhely k\u00fclv\u00e1rosa, k\u00f6nnyen el\u00e9rhet\u0151 kultur\u00e1lis \u00e9lm\u00e9ny mindenkinek, aki arra j\u00e1r. Szer\u00e9ny szem\u00e9lyem <a href=\"https:\/\/nezsaiotemplom.hu\/index.php\/2025\/07\/29\/vendegsegben-az-okos-es-balga-szuzek-erdelyi-testvereinel\/\" target=\"_blank\" rel=\"noreferrer noopener\">egy adott vas\u00e1rnap l\u00e1togatott el a telep\u00fcl\u00e9sre<\/a>, ami a hely gondnok\u00e1t a h\u00e9tv\u00e9ge ellen\u00e9re sem t\u00e1ntor\u00edtotta el, hogy engem tisztes felvil\u00e1gos\u00edt\u00e1sba ne r\u00e9szes\u00edtsen. Term\u00e9szetesen sz\u00f3ba ker\u00fclt minden, ami a templom aktu\u00e1lis t\u00f6rt\u00e9net\u00e9hez hozz\u00e1tartozik, m\u00e9gis, \u00e9rdemes mindezt v\u00e9gighallgatni, mert egy \u00e9l\u0151 k\u00f6z\u00f6ss\u00e9g mindennapjair\u00f3l sz\u00f3l. Mint eml\u00edtettem kor\u00e1bban is, mi, a jelenben \u00e9l\u0151 emberek, csak r\u00e9szei vagyunk t\u00f6rt\u00e9nelmi eml\u00e9keink t\u00f6rt\u00e9net\u00e9nek, hozz\u00e1juk tesz\u00fcnk, elvesz\u00fcnk bel\u0151l\u00fck, de \u0151k megmaradnak. M\u00edg mi, p\u00e1rhuzamosan vel\u00fck, a t\u00f6rt\u00e9nelmi veget\u00e1ci\u00f3 k\u00f6r\u00edt\u00e9s\u00e9t adjuk. Mint a m\u00e9hek, lengj\u00fck k\u00f6r\u00fcl az \u0151 t\u00f6rt\u00e9net\u00fcket. Persze, ha mi elt\u0171nn\u00e9nk, elt\u0171nik az \u0151 jelent\u0151s\u00e9g\u00fck is. Mindaddig azonban megmarad\u00e1sunk, \u00e9letk\u00e9pess\u00e9g\u00fcnk szimb\u00f3lumai. M\u00e1s r\u00e9szr\u0151l megfogadom Ipoly atya int\u00e9s\u00e9t is, aki, amikor el\u0151sz\u00f6r besz\u00e9ltem neki a templomrom kutat\u00e1s\u00e1r\u00f3l, nyomat\u00e9kosan k\u00f6z\u00f6lte, hogy \u0151 nem a holt, hanem az \u00e9l\u0151 k\u00f6vekkel akar foglalkozni. Azaz a gy\u00fclekezet\u00e9vel. Az ekl\u00e9zsi\u00e1val. A re\u00e1 b\u00edzott, el\u00e1rvult b\u00e1r\u00e1nyokkal.<\/p>\n\n\n<div class=\"wp-block-image\">\n<figure class=\"aligncenter size-large\"><img loading=\"lazy\" decoding=\"async\" width=\"1024\" height=\"768\" src=\"https:\/\/nezsaiotemplom.hu\/wp-content\/uploads\/2025\/08\/marosszentanna-1024x768.jpg\" alt=\"\" class=\"wp-image-835\" srcset=\"https:\/\/nezsaiotemplom.hu\/wp-content\/uploads\/2025\/08\/marosszentanna-1024x768.jpg 1024w, https:\/\/nezsaiotemplom.hu\/wp-content\/uploads\/2025\/08\/marosszentanna-300x225.jpg 300w, https:\/\/nezsaiotemplom.hu\/wp-content\/uploads\/2025\/08\/marosszentanna-768x576.jpg 768w, https:\/\/nezsaiotemplom.hu\/wp-content\/uploads\/2025\/08\/marosszentanna.jpg 1200w\" sizes=\"auto, (max-width: 1024px) 100vw, 1024px\" \/><figcaption class=\"wp-element-caption\">Marosszentanna b\u00fcszke tornya<\/figcaption><\/figure>\n<\/div>\n\n\n<p>Sz\u00e1momra teh\u00e1t fontos int\u00e9ss\u00e9 v\u00e1lt figyelembe venni az ekl\u00e9zsia, azaz az adott t\u00f6rt\u00e9nelmi eml\u00e9k k\u00f6r\u00e9 csoportosul\u00f3 k\u00f6z\u00f6ss\u00e9g mindennapjainak kih\u00edv\u00e1s\u00e1t is. \u00cdgy Marosszentann\u00e1\u00e9t is, amelyr\u0151l nemcsak a helyi gondnok, de maga a besz\u00e1mol\u00f3 is sokat el\u00e1rul. P\u00e9ld\u00e1ul vegy\u00fcnk csak egy t\u00e9nyt, hogy a le\u00edr\u00e1s szerint<\/p>\n\n\n\n<blockquote class=\"wp-block-quote is-layout-flow wp-block-quote-is-layout-flow\">\n<p>a falk\u00e9pekre Nemes \u00d6d\u00f6n marosv\u00e1s\u00e1rhelyi rajztan\u00e1r h\u00edvja fel a figyelmet egy, a M\u0171eml\u00e9kek Orsz\u00e1gos Bizotts\u00e1g\u00e1nak -nak irt 1895-\u00f6s keltez\u00e9s\u0171 jelent\u00e9s\u00e9ben.<\/p>\n<\/blockquote>\n\n\n\n<p>Majd k\u00e9s\u0151bb:<\/p>\n\n\n\n<blockquote class=\"wp-block-quote is-layout-flow wp-block-quote-is-layout-flow\">\n<p>a XIX sz\u00e1zad elej\u00e9n a templom nyugati fal\u00e1hoz fa-harangtornyot \u00e9p\u00edtenek, melyet a XX sz\u00e1zad \u201930-as \u00e9veiben lebontanak \u00e9s t\u00e9glatoronnyal helyettes\u00edtenek. Ekkor pusztul el a nyugati haj\u00f3fal falfestm\u00e9nyeinek javar\u00e9sze \u00e9s a nyugati kapuzat.<\/p>\n<\/blockquote>\n\n\n\n<p>Itt szerintem az \u00e9l\u0151 k\u00f6vek, az \u00e9l\u0151 ekl\u00e9zsia p\u00e1rhuzamos t\u00f6rt\u00e9net\u00e9r\u0151l besz\u00e9lhet\u00fcnk, amelynek nem elhanyagolhat\u00f3 l\u00e9nyege, ahogyan egy volt katolikus templomot k\u00e1lvinista testv\u00e9reink vettek sz\u00e1rnyuk al\u00e1. Akik bizony \u00f3dzkodnak mindenf\u00e9le b\u00e1lv\u00e1nyim\u00e1d\u00e1st\u00f3l, legyen az egy szobor, vagypediglen a falak fresk\u00f3inak ember\u00e1br\u00e1zol\u00e1sai. Ennek vannak pozit\u00edv \u00e9s negat\u00edv vonzatai is t\u00f6rt\u00e9nelmi kitekint\u00e9sben, hiszen a vall\u00e1sv\u00e1lt\u00e1s ok\u00e1n gyakorta feh\u00e9rre meszelt, purit\u00e1nn\u00e1 festett falak \u00edgy \u0151rizhett\u00e9k meg egykori fest\u00e9s\u00fcket. Kv\u00e1zi, a m\u00e9szv\u00e1z seg\u00edtett meg\u0151rizni a f\u00e9lezred vagy m\u00e9gt\u00f6bb \u00e9ves fresk\u00f3fest\u00e9szeti eml\u00e9keket. M\u00e1s esetben a fresk\u00f3k lemeszel\u00e9se k\u00e1rt okozott. Pozit\u00edv p\u00e9lda erre a felvid\u00e9ki Mohos, <a href=\"https:\/\/nezsaiotemplom.hu\/index.php\/2024\/04\/14\/megvolt-a-tanulmanyut-az-i-felvideki-templomtura-tanulsagai\/\" target=\"_blank\" rel=\"noreferrer noopener\">ahol j\u00e1rtunk is<\/a>. Itt a leperg\u0151 meszel\u00e9s al\u00f3l felsejl\u0151 fresk\u00f3k v\u00e9g\u00fcl teljes pomp\u00e1jukban jelentek meg az ut\u00f3lagos restaur\u00e1l\u00e1s nyom\u00e1n. (A besz\u00e1mol\u00f3k szerint hasonl\u00f3 dolog t\u00f6rt\u00e9nt <a href=\"https:\/\/nezsaiotemplom.hu\/index.php\/2024\/02\/11\/eletfa-es-revedo-saman-az-oriszigeti-pogany-templom\/\" target=\"_blank\" rel=\"noreferrer noopener\">az \u0151riszigeti \u201epog\u00e1ny\u201d templom<\/a> eset\u00e9ben is.)<\/p>\n\n\n\n<figure class=\"wp-block-image size-large\"><img loading=\"lazy\" decoding=\"async\" width=\"1024\" height=\"768\" src=\"https:\/\/nezsaiotemplom.hu\/wp-content\/uploads\/2025\/08\/marosszentanna-7-1024x768.jpg\" alt=\"\" class=\"wp-image-836\" srcset=\"https:\/\/nezsaiotemplom.hu\/wp-content\/uploads\/2025\/08\/marosszentanna-7-1024x768.jpg 1024w, https:\/\/nezsaiotemplom.hu\/wp-content\/uploads\/2025\/08\/marosszentanna-7-300x225.jpg 300w, https:\/\/nezsaiotemplom.hu\/wp-content\/uploads\/2025\/08\/marosszentanna-7-768x576.jpg 768w, https:\/\/nezsaiotemplom.hu\/wp-content\/uploads\/2025\/08\/marosszentanna-7.jpg 1200w\" sizes=\"auto, (max-width: 1024px) 100vw, 1024px\" \/><figcaption class=\"wp-element-caption\">Jaj, szeg\u00e9ny tan\u00edtv\u00e1nyok, ennyien maradtatok&#8230;<\/figcaption><\/figure>\n\n\n\n<p>Ugyanakkor Marosszentanna kapcs\u00e1n hi\u00e1ba jelezte egy hivatott m\u0171\u00e9rt\u0151 rajztan\u00e1r m\u00e1r az 1800-as \u00e9vek kifejezett v\u00e9g\u00e9n, hogy a templom fresk\u00f3i m\u0171v\u00e9szett\u00f6rt\u00e9netileg jelent\u0151sek, \u00e9s ezt nyilv\u00e1n a helyi k\u00f6z\u00f6ss\u00e9g is sz\u00e1mon tartotta, m\u00e9gis, a torony\u00e9p\u00edt\u00e9snek \u00e1ldozatul esett a tizenk\u00e9t apostolb\u00f3l kilenc, akik k\u00fcl\u00f6nben az \u00e1tellenes oldalon mind csak a freks\u00f3-J\u00e9zusra tekintettek volt. Alul pedig az utols\u00f3 \u00edt\u00e9letb\u0151l is csak egy fele-s\u00e1rk\u00e1ny maradt, n\u00e9mi szenved\u0151 alakokkal. A kapuzat is odaveszett, de tal\u00e1n ez a legkisebb vesztes\u00e9g.<\/p>\n\n\n\n<figure class=\"wp-block-image size-large\"><img loading=\"lazy\" decoding=\"async\" width=\"1024\" height=\"768\" src=\"https:\/\/nezsaiotemplom.hu\/wp-content\/uploads\/2025\/08\/marosszentanna-6-1024x768.jpg\" alt=\"\" class=\"wp-image-842\" srcset=\"https:\/\/nezsaiotemplom.hu\/wp-content\/uploads\/2025\/08\/marosszentanna-6-1024x768.jpg 1024w, https:\/\/nezsaiotemplom.hu\/wp-content\/uploads\/2025\/08\/marosszentanna-6-300x225.jpg 300w, https:\/\/nezsaiotemplom.hu\/wp-content\/uploads\/2025\/08\/marosszentanna-6-768x576.jpg 768w, https:\/\/nezsaiotemplom.hu\/wp-content\/uploads\/2025\/08\/marosszentanna-6.jpg 1200w\" sizes=\"auto, (max-width: 1024px) 100vw, 1024px\" \/><figcaption class=\"wp-element-caption\">Tisztes sz\u00e1j\u00fa s\u00e1rk\u00e1nyfenes\u00e9g<\/figcaption><\/figure>\n\n\n\n<p>Persze, legy\u00fcnk igazs\u00e1gosak. Az kev\u00e9sb\u00e9 hihet\u0151 indok, hogy az eml\u00edtett falfest\u00e9sr\u0151l ne tudtak volna a k\u00e1rokoz\u00f3k, de egy torony m\u00e9gis fontosabb terepe k\u00edv\u00fclr\u0151l Isten dics\u0151s\u00e9g\u00e9nek bemutat\u00e1s\u00e1ra, mint egy fresk\u00f3 bel\u00fclr\u0151l. Hogy a pog\u00e1nys\u00e1g, az ember\u00e1br\u00e1zol\u00e1s tisztelete ugyan hogyan m\u00e9rhet\u0151 \u00f6ssze egy harang kondul\u00e1s\u00e1val, amely val\u00f3j\u00e1ban \u00e9pp\u00fagy valamif\u00e9le \u201epog\u00e1ny\u201d szertart\u00e1s, ezt mindenki \u00edt\u00e9lje meg maga. \u00c9n mindenesetre \u00fcd\u00edt\u0151 \u00f6r\u00f6mmel tapasztaltam, hogy a jelenlegi templomszolga m\u00e1r b\u00fcszkes\u00e9ggel, \u00e9s \u00f3v\u00f3 \u00e9rz\u00e9kenys\u00e9ggel tekint az Isten-h\u00e1za ember\u00e1br\u00e1zol\u00e1saira. Ahogyan ez log\u00f3jukban is megjelenik.<\/p>\n\n\n<div class=\"wp-block-image\">\n<figure class=\"aligncenter size-large\"><img loading=\"lazy\" decoding=\"async\" width=\"768\" height=\"1024\" src=\"https:\/\/nezsaiotemplom.hu\/wp-content\/uploads\/2025\/08\/marosszentanna-2-768x1024.jpg\" alt=\"\" class=\"wp-image-843\" srcset=\"https:\/\/nezsaiotemplom.hu\/wp-content\/uploads\/2025\/08\/marosszentanna-2-768x1024.jpg 768w, https:\/\/nezsaiotemplom.hu\/wp-content\/uploads\/2025\/08\/marosszentanna-2-225x300.jpg 225w, https:\/\/nezsaiotemplom.hu\/wp-content\/uploads\/2025\/08\/marosszentanna-2-1152x1536.jpg 1152w, https:\/\/nezsaiotemplom.hu\/wp-content\/uploads\/2025\/08\/marosszentanna-2.jpg 1200w\" sizes=\"auto, (max-width: 768px) 100vw, 768px\" \/><figcaption class=\"wp-element-caption\">Fresk\u00f3\u00e1br\u00e1zol\u00e1sok modern k\u00f6nt\u00f6sben, log\u00f3k\u00e9nt<\/figcaption><\/figure>\n<\/div>\n\n\n<p>Ahogyan ahhoz is n\u00e9mi bele\u00e9rz\u0151-k\u00e9pess\u00e9g kell, ha meg\u00e9rteni akarjuk, mennyit rontott a restaur\u00e1l\u00e1s el\u0151tt a fresk\u00f3k \u00e1llapot\u00e1n a sz\u00e1nd\u00e9k, hogy a templomban meleg legyen az istentiszteletek idej\u00e9n. Az egykori faf\u0171t\u00e9ses k\u00e1lyha v\u00edzg\u0151z-p\u00e1r\u00e1i bizonnyal nem tettek j\u00f3t az am\u00fagy is perg\u0151, lemeszelt falfel\u00fcletnek. De ez m\u00e1r ink\u00e1bb a rom\u00e1n vil\u00e1g, ahol az \u00e9l\u0151 k\u00f6vek, a gy\u00fclekezet Marosszentann\u00e1n a nemzeti t\u00fal\u00e9l\u00e9s\u00e9\u00e9rt, az identit\u00e1s\u00e1\u00e9rt k\u00fczd\u00f6tt. Ehhez pedig vas\u00e1rnaponk\u00e9nt kellett a meleg.<\/p>\n\n\n\n<figure class=\"wp-block-image size-large\"><img loading=\"lazy\" decoding=\"async\" width=\"1024\" height=\"768\" src=\"https:\/\/nezsaiotemplom.hu\/wp-content\/uploads\/2025\/08\/marosszentanna-8-1024x768.jpg\" alt=\"\" class=\"wp-image-837\" srcset=\"https:\/\/nezsaiotemplom.hu\/wp-content\/uploads\/2025\/08\/marosszentanna-8-1024x768.jpg 1024w, https:\/\/nezsaiotemplom.hu\/wp-content\/uploads\/2025\/08\/marosszentanna-8-300x225.jpg 300w, https:\/\/nezsaiotemplom.hu\/wp-content\/uploads\/2025\/08\/marosszentanna-8-768x576.jpg 768w, https:\/\/nezsaiotemplom.hu\/wp-content\/uploads\/2025\/08\/marosszentanna-8.jpg 1200w\" sizes=\"auto, (max-width: 1024px) 100vw, 1024px\" \/><figcaption class=\"wp-element-caption\">&#8222;Az \u00f6sszes k\u00e9s\u0151bbi vakolatkieg\u00e9sz\u00edt\u00e9st \u00e9s egy, az eredeti vakolathoz sz\u00ednben \u00e9s text\u00far\u00e1ban k\u00f6zel\u00e1ll\u00f3 vakolatot hordtunk fel&#8230;&#8221;<\/figcaption><\/figure>\n\n\n\n<p>Szerencs\u00e9re van paradigmav\u00e1lt\u00e1s is, \u00e9s m\u00e1ra az egykori katolikus templomokat gondoz\u00f3 reform\u00e1tus k\u00f6z\u00f6ss\u00e9g b\u00fcszk\u00e9n \u00e9s \u00e1hitattal tekint temploma egykorvolt, nem purit\u00e1n m\u00faltj\u00e1ra. Legal\u00e1bbis Marosszentann\u00e1n. Teszik ezt nem b\u00e1lv\u00e1nyim\u00e1d\u00e1sb\u00f3l, hanem t\u00f6rt\u00e9nelmi b\u00fcszkes\u00e9gb\u0151l.<\/p>\n\n\n\n<p>Ahol a k\u00f6z\u00f6s pillanatot meg\u00e9lni \u00e9rzem, az egy \u00fajabb p\u00e9lda. A cs\u00edksomly\u00f3i Sz\u0171zm\u00e1ria. Cs\u00edksomly\u00f3, annak temploma, \u00e9s annak szobra. Ami ut\u00f3bb lehet b\u00e1lv\u00e1ny is. De nem ez a l\u00e9nyege. <a href=\"https:\/\/nezsaiotemplom.hu\/index.php\/2024\/03\/24\/amikor-napoly-csak-a-szomszedban-volt-becsey-vesszos-gyorgy-bune-helyezte-zselizt-europa-kozepkori-tortenelmenek-kozeppontjaba\/\" target=\"_blank\" rel=\"noreferrer noopener\">A l\u00e9nyeg a zar\u00e1ndoklat,<\/a> amelyet egyetlen kereszt\u00e9ny felekezet sem tilt. S\u0151t, ink\u00e1bb t\u00e1mogat. Az a sz\u00e1nd\u00e9k, hogy lelki \u00fcdv\u00f6m\u00e9rt, a vil\u00e1gban val\u00f3 helyem megtal\u00e1l\u00e1s\u00e1\u00e9rt, hib\u00e1im \u00e9s er\u00e9nyeim v\u00e9giggondol\u00e1s\u00e1\u00e9rt be kell j\u00e1rnom egy utat. \u00c9s annak az \u00fatnak kell v\u00e9gc\u00e9lja legyen, hogy le tudjam z\u00e1rni szakr\u00e1lis utamat, hogy onnant\u00f3l \u00e9lni tudjam az \u00e9letemet. Term\u00e9szetesen a szakr\u00e1lis, a bej\u00e1rt, a meg\u00e9lt \u00fat a l\u00e9nyeg, de ha nincs v\u00e9gc\u00e9lja, semmit nem \u00e9r. Ez\u00e9rt lehet, hogy protest\u00e1ns testv\u00e9reink is sz\u00edvesen v\u00e1lasztj\u00e1k v\u00e9gc\u00e9lnak \u00e9ppen a cs\u00edksomly\u00f3i M\u00e1ri\u00e1csk\u00e1t. Nem b\u00e1lv\u00e1nyim\u00e1d\u00e1sb\u00f3l, hanem igazod\u00e1si pontk\u00e9nt. Bels\u0151 megtisztul\u00e1suk folyamat\u00e1nak v\u00e9gc\u00e9ljak\u00e9nt. Ebben vagyunk biztosan k\u00f6z\u00f6sek, legal\u00e1bbis a zar\u00e1ndoklat \u00fatj\u00e1nak, folyamata tekintet\u00e9ben.<\/p>\n\n\n\n<figure class=\"wp-block-image size-large\"><img loading=\"lazy\" decoding=\"async\" width=\"1024\" height=\"768\" src=\"https:\/\/nezsaiotemplom.hu\/wp-content\/uploads\/2025\/08\/marosszentanna-5-1024x768.jpg\" alt=\"\" class=\"wp-image-844\" srcset=\"https:\/\/nezsaiotemplom.hu\/wp-content\/uploads\/2025\/08\/marosszentanna-5-1024x768.jpg 1024w, https:\/\/nezsaiotemplom.hu\/wp-content\/uploads\/2025\/08\/marosszentanna-5-300x225.jpg 300w, https:\/\/nezsaiotemplom.hu\/wp-content\/uploads\/2025\/08\/marosszentanna-5-768x576.jpg 768w, https:\/\/nezsaiotemplom.hu\/wp-content\/uploads\/2025\/08\/marosszentanna-5.jpg 1200w\" sizes=\"auto, (max-width: 1024px) 100vw, 1024px\" \/><figcaption class=\"wp-element-caption\">N\u00e9mely apostolok \u00e9s szentek, akik elfoglalt\u00e1k a diadal \u00edv\u00e9t&#8230;<\/figcaption><\/figure>\n\n\n\n<p>Innent\u0151l pedig m\u00e1r csak j\u00f3zan bel\u00e1t\u00e1s k\u00e9rd\u00e9se, hogy \u00e9pp Marosszentann\u00e1ra visz az utunk, ami a sz\u00e1nd\u00e9k tekintet\u00e9ben mindenk\u00e9pp szakr\u00e1lis. Hiszen az \u00fat tal\u00e1n od\u00e1ig mindenk\u00e9pp fontosabb, mint ak\u00e1r csak egy fresk\u00f3. Sz\u00f3val, hogy zar\u00e1ndoklatnak tekintj\u00fck -e, ha valahov\u00e1 v\u00e9gc\u00e9lk\u00e9nt el\u00e9r\u00fcnk. Szerintem minden ilyen \u00fat zar\u00e1ndoklat. \u00c9s az m\u00e1r csak hozz\u00e1tesz, ha \u00e9pp aktu\u00e1lisan Szent Ann\u00e1nak l\u00e1bnyomaiban l\u00e9pdel\u00fcnk.<\/p>\n\n\n\n<figure class=\"wp-block-image size-large\"><img loading=\"lazy\" decoding=\"async\" width=\"1024\" height=\"768\" src=\"https:\/\/nezsaiotemplom.hu\/wp-content\/uploads\/2025\/08\/marosszentanna-3-1024x768.jpg\" alt=\"\" class=\"wp-image-845\" srcset=\"https:\/\/nezsaiotemplom.hu\/wp-content\/uploads\/2025\/08\/marosszentanna-3-1024x768.jpg 1024w, https:\/\/nezsaiotemplom.hu\/wp-content\/uploads\/2025\/08\/marosszentanna-3-300x225.jpg 300w, https:\/\/nezsaiotemplom.hu\/wp-content\/uploads\/2025\/08\/marosszentanna-3-768x576.jpg 768w, https:\/\/nezsaiotemplom.hu\/wp-content\/uploads\/2025\/08\/marosszentanna-3.jpg 1200w\" sizes=\"auto, (max-width: 1024px) 100vw, 1024px\" \/><figcaption class=\"wp-element-caption\">A felvid\u00e9ki Zs\u00edp templom\u00e1hoz hasonl\u00f3an itt is a szent\u00e9ly bels\u0151 oldal\u00e1n szerepelnek az okos \u00e9s balga sz\u00fczek&#8230;<\/figcaption><\/figure>\n\n\n\n<p>\u00c9s itt m\u00e9g mindig nem hagyn\u00e1m abba az elm\u00e9lked\u00e9st, mivel, b\u00e1rhogyan is, de minden utunk zar\u00e1ndoklat, h\u00e1t Marosszentann\u00e1n is nemcsak a sz\u00e9p Szent Anna a l\u00e9nyeg. Hanem p\u00e9ld\u00e1ul annak reform\u00e1tus eml\u00e9kei. Mint p\u00e9ld\u00e1ul a sz\u00e9pen faragott sz\u00f3sz\u00e9k gl\u00f3ri\u00e1ja. Illetve a templom orgon\u00e1ja, amit a k\u00f6zponti hely\u00e9r\u0151l \u00e1thelyezve bizony kikezdtek bizonyos konfirm\u00e1l\u00f3 ifj\u00fai mancsok. M\u00e1ra, a maga jelent\u0151s\u00e9g\u00e9ben ism\u00e9t k\u00f6zponti helyen \u00e1ll az orgona. R\u00e9szben gyergy\u00f3szentmikl\u00f3si mesterek munk\u00e1j\u00e1t dics\u00e9ri. De az is id\u0151k\u00f6zben kider\u00fclt, hogy az orgona k\u00e9t regiszter\u00e9t eldugaszolt\u00e1k, mire Marosszentann\u00e1ra \u00e9rt. Ahogyan m\u00e1r m\u0171v\u00e9szett\u00f6rt\u00e9neti eml\u00e9k, ahogyan al\u00e1polcolt\u00e1k a szent\u00e9lyt a haj\u00f3t\u00f3l elv\u00e1laszt\u00f3 diadal\u00edvet. Feltehet\u0151en ennek k\u00f6sz\u00f6nhet\u0151, hogy a fresk\u00f3k itt megmaradhattak.<\/p>\n\n\n\n<figure class=\"wp-block-image size-large\"><img loading=\"lazy\" decoding=\"async\" width=\"1024\" height=\"768\" src=\"https:\/\/nezsaiotemplom.hu\/wp-content\/uploads\/2025\/08\/marosszentanna-9-1024x768.jpg\" alt=\"\" class=\"wp-image-838\" srcset=\"https:\/\/nezsaiotemplom.hu\/wp-content\/uploads\/2025\/08\/marosszentanna-9-1024x768.jpg 1024w, https:\/\/nezsaiotemplom.hu\/wp-content\/uploads\/2025\/08\/marosszentanna-9-300x225.jpg 300w, https:\/\/nezsaiotemplom.hu\/wp-content\/uploads\/2025\/08\/marosszentanna-9-768x576.jpg 768w, https:\/\/nezsaiotemplom.hu\/wp-content\/uploads\/2025\/08\/marosszentanna-9.jpg 1200w\" sizes=\"auto, (max-width: 1024px) 100vw, 1024px\" \/><figcaption class=\"wp-element-caption\">Az &#8222;al\u00e1polcol\u00e1s&#8221; m\u00edves fakerete <\/figcaption><\/figure>\n\n\n\n<p>Ami a mi kutat\u00e1sainkat \u00e9rinti: mi, ugye nem tudhatjuk, hol voltak az okos sz\u00fczek \u00e9s balga sz\u00fczek fresk\u00f3\u00e1br\u00e1zol\u00e1sai. Mag\u00e1nak a diadal\u00edvnek a bels\u0151 fel\u00fclet\u00e9n, vagy a szent\u00e9ly fel\u0151li oldal\u00e1n. Ut\u00f3bbira p\u00e9ld\u00e1t \u00e9ppen a felvid\u00e9ki Zs\u00edp temploma szolg\u00e1ltat. \u00cdgy <a href=\"https:\/\/nezsaiotemplom.hu\/index.php\/zsip-sk\/\" target=\"_blank\" rel=\"noreferrer noopener\">Zs\u00edp az erd\u00e9lyi Marosszentanna testv\u00e9rtemploma<\/a>, legal\u00e1bbis etekintetben. A templomok \u00f6sszehasonl\u00edt\u00e1s\u00e1hoz m\u00e9g hi\u00e1nyzik egy szakmai ir\u00e1nyt\u0171, \u00e9s term\u00e9szetesen a templomoknak, azok megmaradt fresk\u00f3inak sz\u00e1mbav\u00e9tele. Addig most itt befejezem. Marosszentann\u00e1ra fel!<\/p>\n","protected":false},"excerpt":{"rendered":"<p>Elhelyezked\u00e9se: C\u00edm: Strada Bisericii 113, S\u00e2ntana de Mure\u0219 547565, Rom\u00e1nia (https:\/\/maps.app.goo.gl\/Bi6d8QqEmFq9mRrAA) N\u00e9zs\u00e1t\u00f3l m\u00e9rt t\u00e1vols\u00e1ga: 568 km El\u00e9rhet\u0151s\u00e9g (2025): weboldal: https:\/\/marosszentanna.ro\/ Lelkip\u00e1sztor: K\u00f6t\u0151 Ferencz Barna &#8211; +40743776996 Gondnok: Faluv\u00e9gi S\u00e1ndor &#8211; +40745437587 Inform\u00e1ci\u00f3k: (Figyelem! Ahol lehet, ott a helyben fellelt templomle\u00edr\u00e1s sz\u00f6veg\u00e9t k\u00f6zl\u00f6m, mert ez a legautentikusabb, a k\u00f6z\u00f6ss\u00e9g \u00e1ltal j\u00f3v\u00e1hagyott inform\u00e1ci\u00f3. Ugyanakkor a szerz\u0151i jogokat&#8230;<\/p>\n","protected":false},"author":1,"featured_media":830,"parent":0,"menu_order":0,"comment_status":"closed","ping_status":"closed","template":"","meta":{"_monsterinsights_skip_tracking":false,"_monsterinsights_sitenote_active":false,"_monsterinsights_sitenote_note":"","_monsterinsights_sitenote_category":0,"_uf_show_specific_survey":0,"_uf_disable_surveys":false,"footnotes":""},"class_list":["post-788","page","type-page","status-publish","has-post-thumbnail","hentry"],"yoast_head":"<!-- This site is optimized with the Yoast SEO plugin v26.2 - https:\/\/yoast.com\/wordpress\/plugins\/seo\/ -->\n<title>Marosszentanna (RO) \u2013 ro S\u00e2ntana de Mure\u0219, de Sankt Anna an der Mieresch, lt Sancta Anna \u2013 Maros megye - A n\u00e9zsai \u00f3templom Hist\u00f3ri\u00e1ja<\/title>\n<meta name=\"description\" content=\"Marosszentanna Szent Anna temploma az egyike a K\u00e1rp\u00e1t-medenc\u00e9ben fellelhet\u0151 okos \u00e9s balga sz\u00fczeket \u00e1br\u00e1zol\u00f3 fresk\u00f3val festett templomoknak.\" \/>\n<meta name=\"robots\" content=\"index, follow, max-snippet:-1, max-image-preview:large, max-video-preview:-1\" \/>\n<link rel=\"canonical\" href=\"https:\/\/nezsaiotemplom.hu\/index.php\/marosszentanna-comuna-santana-de-mures-ro\/\" \/>\n<meta property=\"og:locale\" content=\"hu_HU\" \/>\n<meta property=\"og:type\" content=\"article\" \/>\n<meta property=\"og:title\" content=\"Marosszentanna (RO) \u2013 ro S\u00e2ntana de Mure\u0219, de Sankt Anna an der Mieresch, lt Sancta Anna \u2013 Maros megye - A n\u00e9zsai \u00f3templom Hist\u00f3ri\u00e1ja\" \/>\n<meta property=\"og:description\" content=\"Marosszentanna Szent Anna temploma az egyike a K\u00e1rp\u00e1t-medenc\u00e9ben fellelhet\u0151 okos \u00e9s balga sz\u00fczeket \u00e1br\u00e1zol\u00f3 fresk\u00f3val festett templomoknak.\" \/>\n<meta property=\"og:url\" content=\"https:\/\/nezsaiotemplom.hu\/index.php\/marosszentanna-comuna-santana-de-mures-ro\/\" \/>\n<meta property=\"og:site_name\" content=\"A n\u00e9zsai \u00f3templom Hist\u00f3ri\u00e1ja\" \/>\n<meta property=\"article:modified_time\" content=\"2025-08-13T18:24:05+00:00\" \/>\n<meta property=\"og:image\" content=\"https:\/\/nezsaiotemplom.hu\/wp-content\/uploads\/2025\/08\/20250727_150327-scaled.jpg\" \/>\n\t<meta property=\"og:image:width\" content=\"2560\" \/>\n\t<meta property=\"og:image:height\" content=\"1920\" \/>\n\t<meta property=\"og:image:type\" content=\"image\/jpeg\" \/>\n<meta name=\"twitter:card\" content=\"summary_large_image\" \/>\n<meta name=\"twitter:label1\" content=\"Becs\u00fclt olvas\u00e1si id\u0151\" \/>\n\t<meta name=\"twitter:data1\" content=\"11 perc\" \/>\n<script type=\"application\/ld+json\" class=\"yoast-schema-graph\">{\"@context\":\"https:\/\/schema.org\",\"@graph\":[{\"@type\":\"WebPage\",\"@id\":\"https:\/\/nezsaiotemplom.hu\/index.php\/marosszentanna-comuna-santana-de-mures-ro\/\",\"url\":\"https:\/\/nezsaiotemplom.hu\/index.php\/marosszentanna-comuna-santana-de-mures-ro\/\",\"name\":\"Marosszentanna (RO) \u2013 ro S\u00e2ntana de Mure\u0219, de Sankt Anna an der Mieresch, lt Sancta Anna \u2013 Maros megye - A n\u00e9zsai \u00f3templom Hist\u00f3ri\u00e1ja\",\"isPartOf\":{\"@id\":\"https:\/\/nezsaiotemplom.hu\/#website\"},\"primaryImageOfPage\":{\"@id\":\"https:\/\/nezsaiotemplom.hu\/index.php\/marosszentanna-comuna-santana-de-mures-ro\/#primaryimage\"},\"image\":{\"@id\":\"https:\/\/nezsaiotemplom.hu\/index.php\/marosszentanna-comuna-santana-de-mures-ro\/#primaryimage\"},\"thumbnailUrl\":\"https:\/\/nezsaiotemplom.hu\/wp-content\/uploads\/2025\/08\/20250727_150327-scaled.jpg\",\"datePublished\":\"2025-07-11T20:00:16+00:00\",\"dateModified\":\"2025-08-13T18:24:05+00:00\",\"description\":\"Marosszentanna Szent Anna temploma az egyike a K\u00e1rp\u00e1t-medenc\u00e9ben fellelhet\u0151 okos \u00e9s balga sz\u00fczeket \u00e1br\u00e1zol\u00f3 fresk\u00f3val festett templomoknak.\",\"breadcrumb\":{\"@id\":\"https:\/\/nezsaiotemplom.hu\/index.php\/marosszentanna-comuna-santana-de-mures-ro\/#breadcrumb\"},\"inLanguage\":\"hu\",\"potentialAction\":[{\"@type\":\"ReadAction\",\"target\":[\"https:\/\/nezsaiotemplom.hu\/index.php\/marosszentanna-comuna-santana-de-mures-ro\/\"]}]},{\"@type\":\"ImageObject\",\"inLanguage\":\"hu\",\"@id\":\"https:\/\/nezsaiotemplom.hu\/index.php\/marosszentanna-comuna-santana-de-mures-ro\/#primaryimage\",\"url\":\"https:\/\/nezsaiotemplom.hu\/wp-content\/uploads\/2025\/08\/20250727_150327-scaled.jpg\",\"contentUrl\":\"https:\/\/nezsaiotemplom.hu\/wp-content\/uploads\/2025\/08\/20250727_150327-scaled.jpg\",\"width\":2560,\"height\":1920},{\"@type\":\"BreadcrumbList\",\"@id\":\"https:\/\/nezsaiotemplom.hu\/index.php\/marosszentanna-comuna-santana-de-mures-ro\/#breadcrumb\",\"itemListElement\":[{\"@type\":\"ListItem\",\"position\":1,\"name\":\"Kezd\u0151lap\",\"item\":\"https:\/\/nezsaiotemplom.hu\/\"},{\"@type\":\"ListItem\",\"position\":2,\"name\":\"Marosszentanna (RO) \u2013 ro S\u00e2ntana de Mure\u0219, de Sankt Anna an der Mieresch, lt Sancta Anna \u2013 Maros megye\"}]},{\"@type\":\"WebSite\",\"@id\":\"https:\/\/nezsaiotemplom.hu\/#website\",\"url\":\"https:\/\/nezsaiotemplom.hu\/\",\"name\":\"A n\u00e9zsai \u00f3templom Hist\u00f3ri\u00e1ja\",\"description\":\"\",\"potentialAction\":[{\"@type\":\"SearchAction\",\"target\":{\"@type\":\"EntryPoint\",\"urlTemplate\":\"https:\/\/nezsaiotemplom.hu\/?s={search_term_string}\"},\"query-input\":{\"@type\":\"PropertyValueSpecification\",\"valueRequired\":true,\"valueName\":\"search_term_string\"}}],\"inLanguage\":\"hu\"}]}<\/script>\n<!-- \/ Yoast SEO plugin. -->","yoast_head_json":{"title":"Marosszentanna (RO) \u2013 ro S\u00e2ntana de Mure\u0219, de Sankt Anna an der Mieresch, lt Sancta Anna \u2013 Maros megye - A n\u00e9zsai \u00f3templom Hist\u00f3ri\u00e1ja","description":"Marosszentanna Szent Anna temploma az egyike a K\u00e1rp\u00e1t-medenc\u00e9ben fellelhet\u0151 okos \u00e9s balga sz\u00fczeket \u00e1br\u00e1zol\u00f3 fresk\u00f3val festett templomoknak.","robots":{"index":"index","follow":"follow","max-snippet":"max-snippet:-1","max-image-preview":"max-image-preview:large","max-video-preview":"max-video-preview:-1"},"canonical":"https:\/\/nezsaiotemplom.hu\/index.php\/marosszentanna-comuna-santana-de-mures-ro\/","og_locale":"hu_HU","og_type":"article","og_title":"Marosszentanna (RO) \u2013 ro S\u00e2ntana de Mure\u0219, de Sankt Anna an der Mieresch, lt Sancta Anna \u2013 Maros megye - A n\u00e9zsai \u00f3templom Hist\u00f3ri\u00e1ja","og_description":"Marosszentanna Szent Anna temploma az egyike a K\u00e1rp\u00e1t-medenc\u00e9ben fellelhet\u0151 okos \u00e9s balga sz\u00fczeket \u00e1br\u00e1zol\u00f3 fresk\u00f3val festett templomoknak.","og_url":"https:\/\/nezsaiotemplom.hu\/index.php\/marosszentanna-comuna-santana-de-mures-ro\/","og_site_name":"A n\u00e9zsai \u00f3templom Hist\u00f3ri\u00e1ja","article_modified_time":"2025-08-13T18:24:05+00:00","og_image":[{"width":2560,"height":1920,"url":"https:\/\/nezsaiotemplom.hu\/wp-content\/uploads\/2025\/08\/20250727_150327-scaled.jpg","type":"image\/jpeg"}],"twitter_card":"summary_large_image","twitter_misc":{"Becs\u00fclt olvas\u00e1si id\u0151":"11 perc"},"schema":{"@context":"https:\/\/schema.org","@graph":[{"@type":"WebPage","@id":"https:\/\/nezsaiotemplom.hu\/index.php\/marosszentanna-comuna-santana-de-mures-ro\/","url":"https:\/\/nezsaiotemplom.hu\/index.php\/marosszentanna-comuna-santana-de-mures-ro\/","name":"Marosszentanna (RO) \u2013 ro S\u00e2ntana de Mure\u0219, de Sankt Anna an der Mieresch, lt Sancta Anna \u2013 Maros megye - A n\u00e9zsai \u00f3templom Hist\u00f3ri\u00e1ja","isPartOf":{"@id":"https:\/\/nezsaiotemplom.hu\/#website"},"primaryImageOfPage":{"@id":"https:\/\/nezsaiotemplom.hu\/index.php\/marosszentanna-comuna-santana-de-mures-ro\/#primaryimage"},"image":{"@id":"https:\/\/nezsaiotemplom.hu\/index.php\/marosszentanna-comuna-santana-de-mures-ro\/#primaryimage"},"thumbnailUrl":"https:\/\/nezsaiotemplom.hu\/wp-content\/uploads\/2025\/08\/20250727_150327-scaled.jpg","datePublished":"2025-07-11T20:00:16+00:00","dateModified":"2025-08-13T18:24:05+00:00","description":"Marosszentanna Szent Anna temploma az egyike a K\u00e1rp\u00e1t-medenc\u00e9ben fellelhet\u0151 okos \u00e9s balga sz\u00fczeket \u00e1br\u00e1zol\u00f3 fresk\u00f3val festett templomoknak.","breadcrumb":{"@id":"https:\/\/nezsaiotemplom.hu\/index.php\/marosszentanna-comuna-santana-de-mures-ro\/#breadcrumb"},"inLanguage":"hu","potentialAction":[{"@type":"ReadAction","target":["https:\/\/nezsaiotemplom.hu\/index.php\/marosszentanna-comuna-santana-de-mures-ro\/"]}]},{"@type":"ImageObject","inLanguage":"hu","@id":"https:\/\/nezsaiotemplom.hu\/index.php\/marosszentanna-comuna-santana-de-mures-ro\/#primaryimage","url":"https:\/\/nezsaiotemplom.hu\/wp-content\/uploads\/2025\/08\/20250727_150327-scaled.jpg","contentUrl":"https:\/\/nezsaiotemplom.hu\/wp-content\/uploads\/2025\/08\/20250727_150327-scaled.jpg","width":2560,"height":1920},{"@type":"BreadcrumbList","@id":"https:\/\/nezsaiotemplom.hu\/index.php\/marosszentanna-comuna-santana-de-mures-ro\/#breadcrumb","itemListElement":[{"@type":"ListItem","position":1,"name":"Kezd\u0151lap","item":"https:\/\/nezsaiotemplom.hu\/"},{"@type":"ListItem","position":2,"name":"Marosszentanna (RO) \u2013 ro S\u00e2ntana de Mure\u0219, de Sankt Anna an der Mieresch, lt Sancta Anna \u2013 Maros megye"}]},{"@type":"WebSite","@id":"https:\/\/nezsaiotemplom.hu\/#website","url":"https:\/\/nezsaiotemplom.hu\/","name":"A n\u00e9zsai \u00f3templom Hist\u00f3ri\u00e1ja","description":"","potentialAction":[{"@type":"SearchAction","target":{"@type":"EntryPoint","urlTemplate":"https:\/\/nezsaiotemplom.hu\/?s={search_term_string}"},"query-input":{"@type":"PropertyValueSpecification","valueRequired":true,"valueName":"search_term_string"}}],"inLanguage":"hu"}]}},"_links":{"self":[{"href":"https:\/\/nezsaiotemplom.hu\/index.php\/wp-json\/wp\/v2\/pages\/788","targetHints":{"allow":["GET"]}}],"collection":[{"href":"https:\/\/nezsaiotemplom.hu\/index.php\/wp-json\/wp\/v2\/pages"}],"about":[{"href":"https:\/\/nezsaiotemplom.hu\/index.php\/wp-json\/wp\/v2\/types\/page"}],"author":[{"embeddable":true,"href":"https:\/\/nezsaiotemplom.hu\/index.php\/wp-json\/wp\/v2\/users\/1"}],"replies":[{"embeddable":true,"href":"https:\/\/nezsaiotemplom.hu\/index.php\/wp-json\/wp\/v2\/comments?post=788"}],"version-history":[{"count":6,"href":"https:\/\/nezsaiotemplom.hu\/index.php\/wp-json\/wp\/v2\/pages\/788\/revisions"}],"predecessor-version":[{"id":848,"href":"https:\/\/nezsaiotemplom.hu\/index.php\/wp-json\/wp\/v2\/pages\/788\/revisions\/848"}],"wp:featuredmedia":[{"embeddable":true,"href":"https:\/\/nezsaiotemplom.hu\/index.php\/wp-json\/wp\/v2\/media\/830"}],"wp:attachment":[{"href":"https:\/\/nezsaiotemplom.hu\/index.php\/wp-json\/wp\/v2\/media?parent=788"}],"curies":[{"name":"wp","href":"https:\/\/api.w.org\/{rel}","templated":true}]}}